{"id":31,"date":"2024-11-11T20:18:31","date_gmt":"2024-11-11T20:18:31","guid":{"rendered":"https:\/\/documenta.org.mx\/somos-comunidad\/?page_id=31"},"modified":"2024-11-20T16:20:00","modified_gmt":"2024-11-20T22:20:00","slug":"cambiemos-narrativas","status":"publish","type":"page","link":"https:\/\/www.documenta.org.mx\/somos-comunidad\/cambiemos-narrativas\/","title":{"rendered":"Cambiemos narrativas"},"content":{"rendered":"\n<div class=\"wp-block-columns alignfull are-vertically-aligned-center bg-1 has-blanco-color has-color-3-background-color has-text-color has-background has-link-color wp-elements-ffba75a0a7e4a32f7d2d4690f0a7d83a is-layout-flex wp-container-core-columns-is-layout-9d6595d7 wp-block-columns-is-layout-flex\">\n<div class=\"wp-block-column is-vertically-aligned-center coblocks-animate is-layout-flow wp-block-column-is-layout-flow\" style=\"flex-basis:50%\" data-coblocks-animation=\"slideInLeft\">\n<div class=\"wp-block-cover\" style=\"padding-top:var(--wp--preset--spacing--80);padding-right:var(--wp--preset--spacing--80);padding-bottom:var(--wp--preset--spacing--80);padding-left:var(--wp--preset--spacing--80);min-height:50vw;aspect-ratio:unset;\"><span aria-hidden=\"true\" class=\"wp-block-cover__background has-color-5-background-color has-background-dim-0 has-background-dim\"><\/span><img loading=\"lazy\" decoding=\"async\" width=\"747\" height=\"747\" class=\"wp-block-cover__image-background wp-image-398\" alt=\"Mujer estampando un bolso\" src=\"http:\/\/documenta.org.mx\/somos-comunidad\/wp-content\/uploads\/2024\/11\/impresion-bolsos-mujeres-discapacidad.jpg\" data-object-fit=\"cover\" srcset=\"https:\/\/www.documenta.org.mx\/somos-comunidad\/wp-content\/uploads\/2024\/11\/impresion-bolsos-mujeres-discapacidad.jpg 747w, https:\/\/www.documenta.org.mx\/somos-comunidad\/wp-content\/uploads\/2024\/11\/impresion-bolsos-mujeres-discapacidad-300x300.jpg 300w, https:\/\/www.documenta.org.mx\/somos-comunidad\/wp-content\/uploads\/2024\/11\/impresion-bolsos-mujeres-discapacidad-150x150.jpg 150w\" sizes=\"auto, (max-width: 747px) 100vw, 747px\" \/><div class=\"wp-block-cover__inner-container is-layout-constrained wp-container-core-cover-is-layout-c961757b wp-block-cover-is-layout-constrained\">\n<p class=\"has-text-align-center has-large-font-size\"><\/p>\n<\/div><\/div>\n<\/div>\n\n\n\n<div class=\"wp-block-column is-vertically-aligned-center is-layout-flow wp-block-column-is-layout-flow\" style=\"padding-top:var(--wp--preset--spacing--30);padding-right:var(--wp--preset--spacing--40);padding-bottom:var(--wp--preset--spacing--30);padding-left:var(--wp--preset--spacing--40)\">\n<h2 class=\"wp-block-heading has-blanco-color has-text-color has-link-color wp-elements-d95c49c716a2f337366e0023cd880119\"><strong>Cambiemos narrativas<\/strong>: las representaciones de las mujeres con discapacidad en los medios de comunicaci\u00f3n<\/h2>\n\n\n\n<p class=\"has-medium-font-size\">\u00bfC\u00f3mo son representadas las mujeres con discapacidad en los medios de comunicaci\u00f3n?<\/p>\n<\/div>\n<\/div>\n\n\n\n<p class=\"has-medium-font-size\">A partir de 2020 pusimos en marcha el Monitoreo de Medios sobre Mujeres con Discapacidad, donde analizamos notas period\u00edsticas para conocer c\u00f3mo son representadas.<\/p>\n\n\n\n<div class=\"wp-block-columns alignfull bg-3 has-color-5-background-color has-background is-layout-flex wp-container-core-columns-is-layout-e2dd69e6 wp-block-columns-is-layout-flex\" style=\"padding-top:var(--wp--preset--spacing--50);padding-right:var(--wp--preset--spacing--80);padding-bottom:var(--wp--preset--spacing--50);padding-left:var(--wp--preset--spacing--80)\">\n<div class=\"wp-block-column is-layout-flow wp-block-column-is-layout-flow\">\n<h2 class=\"wp-block-heading has-blanco-color has-text-color has-link-color wp-elements-99e8170255fea9e0fd9b6fb7389f262c\">Monitoreo 2023<\/h2>\n\n\n<div class=\"pt-cv-wrapper\"><div class=\"pt-cv-view pt-cv-overlaygrid iscvblock iscvhybrid pt-cv-nooverlay pt-cv-clickable overlay1 layout1\" id=\"pt-cv-view-a46d12dq20\"><div data-id=\"pt-cv-page-1\" class=\"pt-cv-page\" data-cvc=\"4\"><div class=\" pt-cv-content-item pt-cv-1-col\"  data-pid=\"368\"><div class=\"pt-cv-thumb-wrapper  \"><a href=\"https:\/\/www.documenta.org.mx\/somos-comunidad\/cambiemos-narrativas\/2023\/lo-que-decimos-y-como-lo-decimos-es-muy-importante\/\" class=\"_self pt-cv-href-thumbnail pt-cv-thumb-default cvplbd\" target=\"_self\" ><img loading=\"lazy\" decoding=\"async\" width=\"300\" height=\"300\" src=\"https:\/\/www.documenta.org.mx\/somos-comunidad\/wp-content\/uploads\/2024\/11\/infografia-2023-1-300x300.jpg\" class=\"pt-cv-thumbnail img-none\" alt=\"Ilustraci\u00f3n tomada de la infograf\u00eda\" srcset=\"https:\/\/www.documenta.org.mx\/somos-comunidad\/wp-content\/uploads\/2024\/11\/infografia-2023-1-300x300.jpg 300w, https:\/\/www.documenta.org.mx\/somos-comunidad\/wp-content\/uploads\/2024\/11\/infografia-2023-1-1024x1024.jpg 1024w, https:\/\/www.documenta.org.mx\/somos-comunidad\/wp-content\/uploads\/2024\/11\/infografia-2023-1-150x150.jpg 150w, https:\/\/www.documenta.org.mx\/somos-comunidad\/wp-content\/uploads\/2024\/11\/infografia-2023-1-768x768.jpg 768w, https:\/\/www.documenta.org.mx\/somos-comunidad\/wp-content\/uploads\/2024\/11\/infografia-2023-1-1536x1536.jpg 1536w, https:\/\/www.documenta.org.mx\/somos-comunidad\/wp-content\/uploads\/2024\/11\/infografia-2023-1-2048x2048.jpg 2048w, https:\/\/www.documenta.org.mx\/somos-comunidad\/wp-content\/uploads\/2024\/11\/infografia-2023-1-1568x1568.jpg 1568w\" sizes=\"auto, (max-width: 300px) 100vw, 300px\" style=\"width:100%;height:100%;max-width:2125px;\" \/><\/a><\/div>\n<div class=\"pt-cv-overlay-wrapper\"><h4 class=\"pt-cv-title\"><a href=\"https:\/\/www.documenta.org.mx\/somos-comunidad\/cambiemos-narrativas\/2023\/lo-que-decimos-y-como-lo-decimos-es-muy-importante\/\" class=\"_self cvplbd\" target=\"_self\" >Lo que decimos y c\u00f3mo lo decimos \u00a1es muy importante!<\/a><\/h4><\/div><\/div>\n<div class=\" pt-cv-content-item pt-cv-1-col\"  data-pid=\"369\"><div class=\"pt-cv-thumb-wrapper  \"><a href=\"https:\/\/www.documenta.org.mx\/somos-comunidad\/cambiemos-narrativas\/2023\/las-mujeres-con-discapacidad-en-la-agenda-mediatica\/\" class=\"_self pt-cv-href-thumbnail pt-cv-thumb-default cvplbd\" target=\"_self\" ><img loading=\"lazy\" decoding=\"async\" width=\"297\" height=\"300\" src=\"https:\/\/www.documenta.org.mx\/somos-comunidad\/wp-content\/uploads\/2024\/11\/infografia-2023-2-297x300.jpg\" class=\"pt-cv-thumbnail img-none\" alt=\"Ilustraci\u00f3n tomada de la infograf\u00eda\" srcset=\"https:\/\/www.documenta.org.mx\/somos-comunidad\/wp-content\/uploads\/2024\/11\/infografia-2023-2-297x300.jpg 297w, https:\/\/www.documenta.org.mx\/somos-comunidad\/wp-content\/uploads\/2024\/11\/infografia-2023-2-1014x1024.jpg 1014w, https:\/\/www.documenta.org.mx\/somos-comunidad\/wp-content\/uploads\/2024\/11\/infografia-2023-2-768x776.jpg 768w, https:\/\/www.documenta.org.mx\/somos-comunidad\/wp-content\/uploads\/2024\/11\/infografia-2023-2.jpg 1476w\" sizes=\"auto, (max-width: 297px) 100vw, 297px\" style=\"width:100%;height:101.02%;max-width:1476px;\" \/><\/a><\/div>\n<div class=\"pt-cv-overlay-wrapper\"><h4 class=\"pt-cv-title\"><a href=\"https:\/\/www.documenta.org.mx\/somos-comunidad\/cambiemos-narrativas\/2023\/las-mujeres-con-discapacidad-en-la-agenda-mediatica\/\" class=\"_self cvplbd\" target=\"_self\" >Las mujeres con discapacidad en la agenda medi\u00e1tica<\/a><\/h4><\/div><\/div>\n<div class=\" pt-cv-content-item pt-cv-1-col\"  data-pid=\"370\"><div class=\"pt-cv-thumb-wrapper  \"><a href=\"https:\/\/www.documenta.org.mx\/somos-comunidad\/cambiemos-narrativas\/2023\/la-importancia-de-ocupar-los-espacios\/\" class=\"_self pt-cv-href-thumbnail pt-cv-thumb-default cvplbd\" target=\"_self\" ><img loading=\"lazy\" decoding=\"async\" width=\"300\" height=\"300\" src=\"https:\/\/www.documenta.org.mx\/somos-comunidad\/wp-content\/uploads\/2024\/11\/infografia-2023-3-300x300.jpg\" class=\"pt-cv-thumbnail img-none\" alt=\"Ilustraci\u00f3n tomada de la infograf\u00eda\" srcset=\"https:\/\/www.documenta.org.mx\/somos-comunidad\/wp-content\/uploads\/2024\/11\/infografia-2023-3-300x300.jpg 300w, https:\/\/www.documenta.org.mx\/somos-comunidad\/wp-content\/uploads\/2024\/11\/infografia-2023-3-1024x1024.jpg 1024w, https:\/\/www.documenta.org.mx\/somos-comunidad\/wp-content\/uploads\/2024\/11\/infografia-2023-3-150x150.jpg 150w, https:\/\/www.documenta.org.mx\/somos-comunidad\/wp-content\/uploads\/2024\/11\/infografia-2023-3-768x768.jpg 768w, https:\/\/www.documenta.org.mx\/somos-comunidad\/wp-content\/uploads\/2024\/11\/infografia-2023-3-1536x1536.jpg 1536w, https:\/\/www.documenta.org.mx\/somos-comunidad\/wp-content\/uploads\/2024\/11\/infografia-2023-3-1568x1568.jpg 1568w, https:\/\/www.documenta.org.mx\/somos-comunidad\/wp-content\/uploads\/2024\/11\/infografia-2023-3.jpg 1928w\" sizes=\"auto, (max-width: 300px) 100vw, 300px\" style=\"width:100%;height:100%;max-width:1928px;\" \/><\/a><\/div>\n<div class=\"pt-cv-overlay-wrapper\"><h4 class=\"pt-cv-title\"><a href=\"https:\/\/www.documenta.org.mx\/somos-comunidad\/cambiemos-narrativas\/2023\/la-importancia-de-ocupar-los-espacios\/\" class=\"_self cvplbd\" target=\"_self\" >La importancia de ocupar los espacios<\/a><\/h4><\/div><\/div>\n<div class=\" pt-cv-content-item pt-cv-1-col\"  data-pid=\"371\"><div class=\"pt-cv-thumb-wrapper  \"><a href=\"https:\/\/www.documenta.org.mx\/somos-comunidad\/cambiemos-narrativas\/2023\/desde-el-observatorio-de-medios-sobre-mujeres-con-discapacidad-hacemos-un-llamado-a-la-accion\/\" class=\"_self pt-cv-href-thumbnail pt-cv-thumb-default cvplbd\" target=\"_self\" ><img loading=\"lazy\" decoding=\"async\" width=\"300\" height=\"300\" src=\"https:\/\/www.documenta.org.mx\/somos-comunidad\/wp-content\/uploads\/2024\/11\/infografia-2023-4-300x300.jpg\" class=\"pt-cv-thumbnail img-none\" alt=\"Ilustraci\u00f3n tomada de la infograf\u00eda\" srcset=\"https:\/\/www.documenta.org.mx\/somos-comunidad\/wp-content\/uploads\/2024\/11\/infografia-2023-4-300x300.jpg 300w, https:\/\/www.documenta.org.mx\/somos-comunidad\/wp-content\/uploads\/2024\/11\/infografia-2023-4-1024x1024.jpg 1024w, https:\/\/www.documenta.org.mx\/somos-comunidad\/wp-content\/uploads\/2024\/11\/infografia-2023-4-150x150.jpg 150w, https:\/\/www.documenta.org.mx\/somos-comunidad\/wp-content\/uploads\/2024\/11\/infografia-2023-4-768x768.jpg 768w, https:\/\/www.documenta.org.mx\/somos-comunidad\/wp-content\/uploads\/2024\/11\/infografia-2023-4.jpg 1377w\" sizes=\"auto, (max-width: 300px) 100vw, 300px\" style=\"width:100%;height:100%;max-width:1377px;\" \/><\/a><\/div>\n<div class=\"pt-cv-overlay-wrapper\"><h4 class=\"pt-cv-title\"><a href=\"https:\/\/www.documenta.org.mx\/somos-comunidad\/cambiemos-narrativas\/2023\/desde-el-observatorio-de-medios-sobre-mujeres-con-discapacidad-hacemos-un-llamado-a-la-accion\/\" class=\"_self cvplbd\" target=\"_self\" >Desde el Observatorio de Medios sobre Mujeres con Discapacidad hacemos un llamado a la acci\u00f3n<\/a><\/h4><\/div><\/div><\/div><\/div><\/div>\t\t\t<style type=\"text\/css\" id=\"pt-cv-inline-style-2242195rzb\">#pt-cv-view-a46d12dq20 .pt-cv-thumb-wrapper::before {background: rgba(0,0,0,.4); opacity: 0.8;}#pt-cv-view-a46d12dq20 .pt-cv-overlay-wrapper {justify-content: flex-end;}\n#pt-cv-view-a46d12dq20 > .pt-cv-page {grid-template-columns: repeat(4, 1fr);grid-gap: 15px;}\n@media all and (max-width: 1024px) { \n#pt-cv-view-a46d12dq20 > .pt-cv-page {grid-template-columns: repeat(4, 1fr);}\n} \n@media all and (max-width: 767px) { \n#pt-cv-view-a46d12dq20 > .pt-cv-page {grid-template-columns: repeat(1, 1fr);}\n} <\/style>\r\n\t\t\t\t\t\t<style type=\"text\/css\" id=\"pt-cv-inline-style-912ef90q4d\">#pt-cv-view-a46d12dq20 .pt-cv-title a, #pt-cv-view-a46d12dq20  .panel-title { font-weight: 600 !important; }\n#pt-cv-view-a46d12dq20 .pt-cv-readmore  { color: #ffffff !important; background-color: #00aeef !important; }\n#pt-cv-view-a46d12dq20 .pt-cv-readmore:hover  { color: #ffffff !important; background-color: #00aeef !important; }<\/style>\r\n\t\t\t<\/div>\n<\/div>\n\n\n\n<div class=\"wp-block-group alignwide\"><div class=\"wp-block-group__inner-container is-layout-constrained wp-block-group-is-layout-constrained\">\n<div class=\"wp-block-uagb-slider uagb-block-322e9e39 uagb-slider-container\"><div class=\"uagb-slides uagb-swiper\"><div class=\"swiper-wrapper\">\n<div class=\"wp-block-uagb-slider-child uagb-slider-child-wrap swiper-slide uagb-block-56623711\"><div class=\"swiper-content\">\n<div class=\"wp-block-uagb-container uagb-block-2f0bbffc alignfull uagb-is-root-container\"><div class=\"uagb-container-inner-blocks-wrap\">\n<div class=\"wp-block-columns are-vertically-aligned-center is-layout-flex wp-container-core-columns-is-layout-9d6595d7 wp-block-columns-is-layout-flex\">\n<div class=\"wp-block-column is-vertically-aligned-center is-layout-flow wp-block-column-is-layout-flow\">\n<h2 class=\"wp-block-heading\">\u00abAmairany\u00bb<\/h2>\n\n\n\n<p>\u00abVemos pocas noticias relativas a personas con discapacidad, concretamente mujeres con discapacidad, tambi\u00e9n la cuesti\u00f3n es que son noticias sensacionalistas, amarillistas, capacitistas\u00bb<\/p>\n<\/div>\n\n\n\n<div class=\"wp-block-column is-vertically-aligned-center is-layout-flow wp-block-column-is-layout-flow\">\n<figure class=\"wp-block-video\"><video height=\"1088\" style=\"aspect-ratio: 1920 \/ 1088;\" width=\"1920\" controls src=\"http:\/\/documenta.org.mx\/somos-comunidad\/wp-content\/uploads\/2024\/11\/lsm-amayrani.mp4\"><\/video><figcaption class=\"wp-element-caption\">Video: testimonio Amairany<\/figcaption><\/figure>\n<\/div>\n<\/div>\n<\/div><\/div>\n<\/div><\/div>\n\n\n\n<div class=\"wp-block-uagb-slider-child uagb-slider-child-wrap swiper-slide uagb-block-71d3b779\"><div class=\"swiper-content\">\n<div class=\"wp-block-uagb-container uagb-block-4de87971 alignfull uagb-is-root-container\"><div class=\"uagb-container-inner-blocks-wrap\">\n<div class=\"wp-block-columns are-vertically-aligned-center is-layout-flex wp-container-core-columns-is-layout-9d6595d7 wp-block-columns-is-layout-flex\">\n<div class=\"wp-block-column is-vertically-aligned-center is-layout-flow wp-block-column-is-layout-flow\">\n<h2 class=\"wp-block-heading\">\u00abTrini\u00bb<\/h2>\n\n\n\n<p>\u00abCreo que es s\u00faper importante lo de la representaci\u00f3n, particularmente pienso en la discapacidad psicosocial, y tambi\u00e9n c\u00f3mo se representa. Siempre est\u00e1 asociada a asesinatos, acciones de peligro. Pero ahorita que lo estaba pensando siempre son notas de hombres que tienen alguna condici\u00f3n y que atacan a alguien. Se asocia con estos ataques de estudiantes en Estados Unidos, por ejemplo. Es lo que se me vino primeramente, pero particularmente notas period\u00edsticas sobre mujeres con discapacidad psicosocial casi no, ahorita que lo pienso no escuchado mucho, como que no hay representaci\u00f3n.\u00bb<\/p>\n<\/div>\n\n\n\n<div class=\"wp-block-column is-vertically-aligned-center is-layout-flow wp-block-column-is-layout-flow\">\n<figure class=\"wp-block-video\"><video height=\"1088\" style=\"aspect-ratio: 1920 \/ 1088;\" width=\"1920\" controls src=\"http:\/\/documenta.org.mx\/somos-comunidad\/wp-content\/uploads\/2024\/11\/lsm-trini.mp4\"><\/video><figcaption class=\"wp-element-caption\">Video: testimonio Trini<\/figcaption><\/figure>\n<\/div>\n<\/div>\n<\/div><\/div>\n<\/div><\/div>\n\n\n\n<div class=\"wp-block-uagb-slider-child uagb-slider-child-wrap swiper-slide uagb-block-e691254a\"><div class=\"swiper-content\">\n<div class=\"wp-block-uagb-container uagb-block-9e4efddc alignfull uagb-is-root-container\"><div class=\"uagb-container-inner-blocks-wrap\">\n<div class=\"wp-block-columns are-vertically-aligned-center is-layout-flex wp-container-core-columns-is-layout-9d6595d7 wp-block-columns-is-layout-flex\">\n<div class=\"wp-block-column is-vertically-aligned-center is-layout-flow wp-block-column-is-layout-flow\">\n<h2 class=\"wp-block-heading\">\u00abAmairany\u00bb<\/h2>\n\n\n\n<p>\u00abUna de las principales consecuencias de tener una sociedad muy herm\u00e9tica y muy desconocedora de la discapacidad y sus implicaciones, porque si a una sociedad le muestran a una mujer pasiva en silla de ruedas que est\u00e1 sufriendo, despu\u00e9s al toparse con otra mujer en la misma condici\u00f3n, seguramente van a relacionarla con una mujer en el mismo estado que ya hab\u00edan visto, y entonces luego vienen los encasillamientos, de que todas las personas con discapacidad son de tal forma, como los estereotipos y el fortalecimiento de los prejuicios y pues entonces se va contribuyendo a que la sociedad tenga estas im\u00e1genes distorsionadas y sobre todo da\u00f1inas tanto para la misma sociedad que pudiera bien aprovechar los talentos o las aptitudes de muchas mujeres.\u00bb<\/p>\n<\/div>\n\n\n\n<div class=\"wp-block-column is-vertically-aligned-center is-layout-flow wp-block-column-is-layout-flow\">\n<figure class=\"wp-block-video\"><video height=\"1088\" style=\"aspect-ratio: 1920 \/ 1088;\" width=\"1920\" controls src=\"http:\/\/documenta.org.mx\/somos-comunidad\/wp-content\/uploads\/2024\/11\/lsm-amayrani-2.mp4\"><\/video><figcaption class=\"wp-element-caption\">Video: testimonio Amairany<\/figcaption><\/figure>\n<\/div>\n<\/div>\n<\/div><\/div>\n<\/div><\/div>\n<\/div><\/div><div class=\"swiper-pagination\"><\/div><div class=\"swiper-button-prev\"><\/div><div class=\"swiper-button-next\"><\/div><\/div>\n<\/div><\/div>\n\n\n\n<div class=\"wp-block-columns alignfull bg-2 has-color-4-background-color has-background is-layout-flex wp-container-core-columns-is-layout-e2dd69e6 wp-block-columns-is-layout-flex\" style=\"padding-top:var(--wp--preset--spacing--50);padding-right:var(--wp--preset--spacing--80);padding-bottom:var(--wp--preset--spacing--50);padding-left:var(--wp--preset--spacing--80)\">\n<div class=\"wp-block-column is-layout-flow wp-block-column-is-layout-flow\">\n<h2 class=\"wp-block-heading has-color-5-color has-text-color has-link-color wp-elements-8f5bf161ab28c95b30899626aac4010c\">Monitoreo 2022<\/h2>\n\n\n<div class=\"pt-cv-wrapper\"><div class=\"pt-cv-view pt-cv-overlaygrid iscvblock iscvhybrid pt-cv-nooverlay pt-cv-clickable overlay1 layout1\" id=\"pt-cv-view-2e670a9qc0\"><div data-id=\"pt-cv-page-1\" class=\"pt-cv-page\" data-cvc=\"3\"><div class=\" pt-cv-content-item pt-cv-1-col\"  data-pid=\"355\"><div class=\"pt-cv-thumb-wrapper  \"><a href=\"https:\/\/www.documenta.org.mx\/somos-comunidad\/cambiemos-narrativas\/2022\/reportar-sobre-mujeres-con-discapacidad\/\" class=\"_self pt-cv-href-thumbnail pt-cv-thumb-default cvplbd cvp-lazy-container\" target=\"_self\" ><img loading=\"lazy\" decoding=\"async\" width=\"426\" height=\"426\" src=\"https:\/\/www.documenta.org.mx\/somos-comunidad\/wp-content\/plugins\/pt-content-views-pro\/public\/assets\/images\/lazy_image.png\" class=\"pt-cv-thumbnail img-none skip-lazy  cvplazy\" alt=\"Ilustraci\u00f3n tomada de la infograf\u00eda\" style=\"width:100%;height:100%;max-width:426px;\" data-cvpsrc=\"https:\/\/www.documenta.org.mx\/somos-comunidad\/wp-content\/uploads\/2022\/11\/infografia-2022-1.jpg\" data-cvpset=\"https:\/\/www.documenta.org.mx\/somos-comunidad\/wp-content\/uploads\/2022\/11\/infografia-2022-1.jpg 426w, https:\/\/www.documenta.org.mx\/somos-comunidad\/wp-content\/uploads\/2022\/11\/infografia-2022-1-300x300.jpg 300w, https:\/\/www.documenta.org.mx\/somos-comunidad\/wp-content\/uploads\/2022\/11\/infografia-2022-1-150x150.jpg 150w\" \/><\/a><\/div>\n<div class=\"pt-cv-overlay-wrapper\"><h4 class=\"pt-cv-title\"><a href=\"https:\/\/www.documenta.org.mx\/somos-comunidad\/cambiemos-narrativas\/2022\/reportar-sobre-mujeres-con-discapacidad\/\" class=\"_self cvplbd\" target=\"_self\" >\u00bfReportar sobre mujeres con discapacidad?<\/a><\/h4><\/div><\/div>\n<div class=\" pt-cv-content-item pt-cv-1-col\"  data-pid=\"354\"><div class=\"pt-cv-thumb-wrapper  \"><a href=\"https:\/\/www.documenta.org.mx\/somos-comunidad\/cambiemos-narrativas\/2022\/cual-es-la-forma-en-la-que-los-medios-de-comunicacion-representan-a-las-mujeres-con-discapacidad\/\" class=\"_self pt-cv-href-thumbnail pt-cv-thumb-default cvplbd cvp-lazy-container\" target=\"_self\" ><img loading=\"lazy\" decoding=\"async\" width=\"366\" height=\"366\" src=\"https:\/\/www.documenta.org.mx\/somos-comunidad\/wp-content\/plugins\/pt-content-views-pro\/public\/assets\/images\/lazy_image.png\" class=\"pt-cv-thumbnail img-none skip-lazy  cvplazy\" alt=\"Ilustraci\u00f3n tomada de la infograf\u00eda\" style=\"width:100%;height:100%;max-width:366px;\" data-cvpsrc=\"https:\/\/www.documenta.org.mx\/somos-comunidad\/wp-content\/uploads\/2022\/11\/infografia-2022-2.jpg\" data-cvpset=\"https:\/\/www.documenta.org.mx\/somos-comunidad\/wp-content\/uploads\/2022\/11\/infografia-2022-2.jpg 366w, https:\/\/www.documenta.org.mx\/somos-comunidad\/wp-content\/uploads\/2022\/11\/infografia-2022-2-300x300.jpg 300w, https:\/\/www.documenta.org.mx\/somos-comunidad\/wp-content\/uploads\/2022\/11\/infografia-2022-2-150x150.jpg 150w\" \/><\/a><\/div>\n<div class=\"pt-cv-overlay-wrapper\"><h4 class=\"pt-cv-title\"><a href=\"https:\/\/www.documenta.org.mx\/somos-comunidad\/cambiemos-narrativas\/2022\/cual-es-la-forma-en-la-que-los-medios-de-comunicacion-representan-a-las-mujeres-con-discapacidad\/\" class=\"_self cvplbd\" target=\"_self\" >\u00bfCu\u00e1l es la forma en la que los medios de comunicaci\u00f3n representan a las mujeres con discapacidad?<\/a><\/h4><\/div><\/div><\/div><\/div><\/div>\t\t\t<style type=\"text\/css\" id=\"pt-cv-inline-style-9204283pwb\">#pt-cv-view-2e670a9qc0 .pt-cv-thumb-wrapper::before {background: rgba(0,0,0,.4); opacity: 0.8;}#pt-cv-view-2e670a9qc0 .pt-cv-overlay-wrapper {justify-content: flex-end;}\n#pt-cv-view-2e670a9qc0 > .pt-cv-page {grid-template-columns: repeat(3, 1fr);grid-gap: 15px;}\n@media all and (max-width: 1024px) { \n#pt-cv-view-2e670a9qc0 > .pt-cv-page {grid-template-columns: repeat(3, 1fr);}\n} \n@media all and (max-width: 767px) { \n#pt-cv-view-2e670a9qc0 > .pt-cv-page {grid-template-columns: repeat(1, 1fr);}\n} <\/style>\r\n\t\t\t\t\t\t<style type=\"text\/css\" id=\"pt-cv-inline-style-695447fjam\">#pt-cv-view-2e670a9qc0 .pt-cv-title a, #pt-cv-view-2e670a9qc0  .panel-title { font-weight: 600 !important; }\n#pt-cv-view-2e670a9qc0 .pt-cv-readmore  { color: #ffffff !important; background-color: #00aeef !important; }\n#pt-cv-view-2e670a9qc0 .pt-cv-readmore:hover  { color: #ffffff !important; background-color: #00aeef !important; }<\/style>\r\n\t\t\t<\/div>\n<\/div>\n\n\n\n<div class=\"wp-block-group alignwide\"><div class=\"wp-block-group__inner-container is-layout-constrained wp-block-group-is-layout-constrained\">\n<div class=\"wp-block-uagb-slider uagb-block-85d707ce uagb-slider-container\"><div class=\"uagb-slides uagb-swiper\"><div class=\"swiper-wrapper\">\n<div class=\"wp-block-uagb-slider-child uagb-slider-child-wrap swiper-slide uagb-block-259da4d0\"><div class=\"swiper-content\">\n<div class=\"wp-block-uagb-container uagb-block-45d5a476 alignfull uagb-is-root-container\"><div class=\"uagb-container-inner-blocks-wrap\">\n<div class=\"wp-block-columns are-vertically-aligned-center is-layout-flex wp-container-core-columns-is-layout-9d6595d7 wp-block-columns-is-layout-flex\">\n<div class=\"wp-block-column is-vertically-aligned-center is-layout-flow wp-block-column-is-layout-flow\">\n<h2 class=\"wp-block-heading\">\u00abDora\u00bb<\/h2>\n\n\n\n<p>\u00abEfectivamente la discapacidad no es igual a una silla de ruedas, y no necesariamente una discapacidad intelectual se nota. A m\u00ed se me nota al hablar, pero es algo de mi vida com\u00fan.\u00bb<\/p>\n<\/div>\n\n\n\n<div class=\"wp-block-column is-vertically-aligned-center is-layout-flow wp-block-column-is-layout-flow\">\n<figure class=\"wp-block-video\"><video height=\"1088\" style=\"aspect-ratio: 1920 \/ 1088;\" width=\"1920\" controls src=\"http:\/\/documenta.org.mx\/somos-comunidad\/wp-content\/uploads\/2024\/11\/lsm-dora.mp4\"><\/video><figcaption class=\"wp-element-caption\">Video: testimonio Dora<\/figcaption><\/figure>\n<\/div>\n<\/div>\n<\/div><\/div>\n<\/div><\/div>\n\n\n\n<div class=\"wp-block-uagb-slider-child uagb-slider-child-wrap swiper-slide uagb-block-78f48434\"><div class=\"swiper-content\">\n<div class=\"wp-block-uagb-container uagb-block-cab9e8d9 alignfull uagb-is-root-container\"><div class=\"uagb-container-inner-blocks-wrap\">\n<div class=\"wp-block-columns are-vertically-aligned-center is-layout-flex wp-container-core-columns-is-layout-9d6595d7 wp-block-columns-is-layout-flex\">\n<div class=\"wp-block-column is-vertically-aligned-center is-layout-flow wp-block-column-is-layout-flow\">\n<h2 class=\"wp-block-heading\">\u00abAmairany\u00bb<\/h2>\n\n\n\n<p>\u00abYo creo que el hecho de cambiar la palabra muchas veces no cambia la narrativa. No puedes decir persona con discapacidad y \u201ces un ejemplo para todos por bla bla bla\u00bb<\/p>\n<\/div>\n\n\n\n<div class=\"wp-block-column is-vertically-aligned-center is-layout-flow wp-block-column-is-layout-flow\">\n<figure class=\"wp-block-video\"><video height=\"1088\" style=\"aspect-ratio: 1920 \/ 1088;\" width=\"1920\" controls src=\"http:\/\/documenta.org.mx\/somos-comunidad\/wp-content\/uploads\/2024\/11\/lsm-amayrani-3.mp4\"><\/video><figcaption class=\"wp-element-caption\">Video: testimonio Amairany<\/figcaption><\/figure>\n<\/div>\n<\/div>\n<\/div><\/div>\n<\/div><\/div>\n<\/div><\/div><div class=\"swiper-pagination\"><\/div><div class=\"swiper-button-prev\"><\/div><div class=\"swiper-button-next\"><\/div><\/div>\n<\/div><\/div>\n\n\n\n<div class=\"wp-block-columns alignfull bg-1 has-color-3-background-color has-background is-layout-flex wp-container-core-columns-is-layout-e2dd69e6 wp-block-columns-is-layout-flex\" style=\"padding-top:var(--wp--preset--spacing--50);padding-right:var(--wp--preset--spacing--80);padding-bottom:var(--wp--preset--spacing--50);padding-left:var(--wp--preset--spacing--80)\">\n<div class=\"wp-block-column is-layout-flow wp-block-column-is-layout-flow\">\n<h2 class=\"wp-block-heading has-blanco-color has-text-color has-link-color wp-elements-39cca424de70fd5020a8674842b27779\">Monitoreo 2021<\/h2>\n\n\n<div class=\"pt-cv-wrapper\"><div class=\"pt-cv-view pt-cv-overlaygrid iscvblock iscvhybrid pt-cv-nooverlay pt-cv-clickable overlay1 layout1\" id=\"pt-cv-view-29af9197a0\"><div data-id=\"pt-cv-page-1\" class=\"pt-cv-page\" data-cvc=\"4\"><div class=\" pt-cv-content-item pt-cv-1-col\"  data-pid=\"321\"><div class=\"pt-cv-thumb-wrapper  \"><a href=\"https:\/\/www.documenta.org.mx\/somos-comunidad\/cambiemos-narrativas\/2021\/cobertura-mediatica\/\" class=\"_self pt-cv-href-thumbnail pt-cv-thumb-default cvplbd\" target=\"_self\" ><img loading=\"lazy\" decoding=\"async\" width=\"300\" height=\"300\" src=\"https:\/\/www.documenta.org.mx\/somos-comunidad\/wp-content\/uploads\/2021\/11\/infografia-2021-1-300x300.jpg\" class=\"pt-cv-thumbnail img-none\" alt=\"Ilustraci\u00f3n tomada de la infograf\u00eda\" srcset=\"https:\/\/www.documenta.org.mx\/somos-comunidad\/wp-content\/uploads\/2021\/11\/infografia-2021-1-300x300.jpg 300w, https:\/\/www.documenta.org.mx\/somos-comunidad\/wp-content\/uploads\/2021\/11\/infografia-2021-1-150x150.jpg 150w, https:\/\/www.documenta.org.mx\/somos-comunidad\/wp-content\/uploads\/2021\/11\/infografia-2021-1.jpg 658w\" sizes=\"auto, (max-width: 300px) 100vw, 300px\" style=\"width:100%;height:100%;max-width:658px;\" \/><\/a><\/div>\n<div class=\"pt-cv-overlay-wrapper\"><h4 class=\"pt-cv-title\"><a href=\"https:\/\/www.documenta.org.mx\/somos-comunidad\/cambiemos-narrativas\/2021\/cobertura-mediatica\/\" class=\"_self cvplbd\" target=\"_self\" >Cobertura medi\u00e1tica<\/a><\/h4><\/div><\/div>\n<div class=\" pt-cv-content-item pt-cv-1-col\"  data-pid=\"322\"><div class=\"pt-cv-thumb-wrapper  \"><a href=\"https:\/\/www.documenta.org.mx\/somos-comunidad\/cambiemos-narrativas\/2021\/abordaje-de-los-medios-sobre-las-mujeres-con-discapacidad\/\" class=\"_self pt-cv-href-thumbnail pt-cv-thumb-default cvplbd\" target=\"_self\" ><img loading=\"lazy\" decoding=\"async\" width=\"300\" height=\"300\" src=\"https:\/\/www.documenta.org.mx\/somos-comunidad\/wp-content\/uploads\/2021\/11\/infografia-2021-2-300x300.jpg\" class=\"pt-cv-thumbnail img-none\" alt=\"Ilustraci\u00f3n tomada de la infograf\u00eda\" srcset=\"https:\/\/www.documenta.org.mx\/somos-comunidad\/wp-content\/uploads\/2021\/11\/infografia-2021-2-300x300.jpg 300w, https:\/\/www.documenta.org.mx\/somos-comunidad\/wp-content\/uploads\/2021\/11\/infografia-2021-2-150x150.jpg 150w, https:\/\/www.documenta.org.mx\/somos-comunidad\/wp-content\/uploads\/2021\/11\/infografia-2021-2.jpg 658w\" sizes=\"auto, (max-width: 300px) 100vw, 300px\" style=\"width:100%;height:100%;max-width:658px;\" \/><\/a><\/div>\n<div class=\"pt-cv-overlay-wrapper\"><h4 class=\"pt-cv-title\"><a href=\"https:\/\/www.documenta.org.mx\/somos-comunidad\/cambiemos-narrativas\/2021\/abordaje-de-los-medios-sobre-las-mujeres-con-discapacidad\/\" class=\"_self cvplbd\" target=\"_self\" >Abordaje de los medios sobre las mujeres con discapacidad<\/a><\/h4><\/div><\/div>\n<div class=\" pt-cv-content-item pt-cv-1-col\"  data-pid=\"323\"><div class=\"pt-cv-thumb-wrapper  \"><a href=\"https:\/\/www.documenta.org.mx\/somos-comunidad\/cambiemos-narrativas\/2021\/representacion-de-las-mujeres-con-discapacidad-en-los-medios\/\" class=\"_self pt-cv-href-thumbnail pt-cv-thumb-default cvplbd\" target=\"_self\" ><img loading=\"lazy\" decoding=\"async\" width=\"300\" height=\"300\" src=\"https:\/\/www.documenta.org.mx\/somos-comunidad\/wp-content\/uploads\/2021\/11\/infografia-2021-3-300x300.jpg\" class=\"pt-cv-thumbnail img-none\" alt=\"Representaci\u00f3n de las mujeres con discapacidad en los medios\" srcset=\"https:\/\/www.documenta.org.mx\/somos-comunidad\/wp-content\/uploads\/2021\/11\/infografia-2021-3-300x300.jpg 300w, https:\/\/www.documenta.org.mx\/somos-comunidad\/wp-content\/uploads\/2021\/11\/infografia-2021-3-150x150.jpg 150w, https:\/\/www.documenta.org.mx\/somos-comunidad\/wp-content\/uploads\/2021\/11\/infografia-2021-3.jpg 658w\" sizes=\"auto, (max-width: 300px) 100vw, 300px\" style=\"width:100%;height:100%;max-width:658px;\" \/><\/a><\/div>\n<div class=\"pt-cv-overlay-wrapper\"><h4 class=\"pt-cv-title\"><a href=\"https:\/\/www.documenta.org.mx\/somos-comunidad\/cambiemos-narrativas\/2021\/representacion-de-las-mujeres-con-discapacidad-en-los-medios\/\" class=\"_self cvplbd\" target=\"_self\" >Representaci\u00f3n de las mujeres con discapacidad en los medios<\/a><\/h4><\/div><\/div>\n<div class=\" pt-cv-content-item pt-cv-1-col\"  data-pid=\"324\"><div class=\"pt-cv-thumb-wrapper  \"><a href=\"https:\/\/www.documenta.org.mx\/somos-comunidad\/cambiemos-narrativas\/2021\/mujeres-con-discapacidad-mayor-presencia-en-temas-de-violencia\/\" class=\"_self pt-cv-href-thumbnail pt-cv-thumb-default cvplbd\" target=\"_self\" ><img loading=\"lazy\" decoding=\"async\" width=\"300\" height=\"300\" src=\"https:\/\/www.documenta.org.mx\/somos-comunidad\/wp-content\/uploads\/2021\/11\/infografia-2021-4-300x300.jpg\" class=\"pt-cv-thumbnail img-none\" alt=\"Mujeres con discapacidad: mayor presencia en temas de violencia\" srcset=\"https:\/\/www.documenta.org.mx\/somos-comunidad\/wp-content\/uploads\/2021\/11\/infografia-2021-4-300x300.jpg 300w, https:\/\/www.documenta.org.mx\/somos-comunidad\/wp-content\/uploads\/2021\/11\/infografia-2021-4-150x150.jpg 150w, https:\/\/www.documenta.org.mx\/somos-comunidad\/wp-content\/uploads\/2021\/11\/infografia-2021-4.jpg 658w\" sizes=\"auto, (max-width: 300px) 100vw, 300px\" style=\"width:100%;height:100%;max-width:658px;\" \/><\/a><\/div>\n<div class=\"pt-cv-overlay-wrapper\"><h4 class=\"pt-cv-title\"><a href=\"https:\/\/www.documenta.org.mx\/somos-comunidad\/cambiemos-narrativas\/2021\/mujeres-con-discapacidad-mayor-presencia-en-temas-de-violencia\/\" class=\"_self cvplbd\" target=\"_self\" >Mujeres con discapacidad: mayor presencia en temas de violencia<\/a><\/h4><\/div><\/div><\/div><\/div><\/div>\t\t\t<style type=\"text\/css\" id=\"pt-cv-inline-style-11eaf67h85\">#pt-cv-view-29af9197a0 .pt-cv-thumb-wrapper::before {background: rgba(0,0,0,.4); opacity: 0.8;}#pt-cv-view-29af9197a0 .pt-cv-overlay-wrapper {justify-content: flex-end;}\n#pt-cv-view-29af9197a0 > .pt-cv-page {grid-template-columns: repeat(4, 1fr);grid-gap: 15px;}\n@media all and (max-width: 1024px) { \n#pt-cv-view-29af9197a0 > .pt-cv-page {grid-template-columns: repeat(4, 1fr);}\n} \n@media all and (max-width: 767px) { \n#pt-cv-view-29af9197a0 > .pt-cv-page {grid-template-columns: repeat(1, 1fr);}\n} <\/style>\r\n\t\t\t\t\t\t<style type=\"text\/css\" id=\"pt-cv-inline-style-d4e86fer5y\">#pt-cv-view-29af9197a0 .pt-cv-title a, #pt-cv-view-29af9197a0  .panel-title { font-weight: 600 !important; }\n#pt-cv-view-29af9197a0 .pt-cv-readmore  { color: #ffffff !important; background-color: #00aeef !important; }\n#pt-cv-view-29af9197a0 .pt-cv-readmore:hover  { color: #ffffff !important; background-color: #00aeef !important; }<\/style>\r\n\t\t\t<\/div>\n<\/div>\n\n\n\n<div class=\"wp-block-group alignwide\"><div class=\"wp-block-group__inner-container is-layout-constrained wp-block-group-is-layout-constrained\">\n<div class=\"wp-block-uagb-slider uagb-block-d10c2c35 uagb-slider-container\"><div class=\"uagb-slides uagb-swiper\"><div class=\"swiper-wrapper\">\n<div class=\"wp-block-uagb-slider-child uagb-slider-child-wrap swiper-slide uagb-block-9b1e9023\"><div class=\"swiper-content\">\n<div class=\"wp-block-uagb-container uagb-block-86b005f4 alignfull uagb-is-root-container\"><div class=\"uagb-container-inner-blocks-wrap\">\n<div class=\"wp-block-columns are-vertically-aligned-center is-layout-flex wp-container-core-columns-is-layout-9d6595d7 wp-block-columns-is-layout-flex\">\n<div class=\"wp-block-column is-vertically-aligned-center is-layout-flow wp-block-column-is-layout-flow\">\n<h2 class=\"wp-block-heading\">\u00abMar\u00eda Teresa\u00bb<\/h2>\n\n\n\n<p>\u00abNos queda tener m\u00e1s informaci\u00f3n, porque s\u00ed falta. As\u00ed como que les corriges, lo vuelven a decir o yo no s\u00e9 si lo hacen a prop\u00f3sito, no s\u00e9, pero yo s\u00ed les ense\u00f1\u00f3 la forma correcta, de d\u00f3nde viene y todo. Siempre dicen \u201cel mutilado\u201d, \u201cel cieguito\u201d, \u201cel sordomudo\u201d. Y yo me quedo \u201cno as\u00ed no se dice\u201d. Yo siento que s\u00ed hace falta mucha informaci\u00f3n en general.\u00bb<\/p>\n<\/div>\n\n\n\n<div class=\"wp-block-column is-vertically-aligned-center is-layout-flow wp-block-column-is-layout-flow\">\n<figure class=\"wp-block-video\"><video height=\"1088\" style=\"aspect-ratio: 1920 \/ 1088;\" width=\"1920\" controls src=\"http:\/\/documenta.org.mx\/somos-comunidad\/wp-content\/uploads\/2024\/11\/lsm-maria-teresa.mp4\"><\/video><figcaption class=\"wp-element-caption\">Video: testimonio Mar\u00eda Teresa<\/figcaption><\/figure>\n<\/div>\n<\/div>\n<\/div><\/div>\n<\/div><\/div>\n\n\n\n<div class=\"wp-block-uagb-slider-child uagb-slider-child-wrap swiper-slide uagb-block-8e864125\"><div class=\"swiper-content\">\n<div class=\"wp-block-uagb-container uagb-block-b1f2d0f7 alignfull uagb-is-root-container\"><div class=\"uagb-container-inner-blocks-wrap\">\n<div class=\"wp-block-columns are-vertically-aligned-center is-layout-flex wp-container-core-columns-is-layout-9d6595d7 wp-block-columns-is-layout-flex\">\n<div class=\"wp-block-column is-vertically-aligned-center is-layout-flow wp-block-column-is-layout-flow\">\n<h2 class=\"wp-block-heading\">\u00abHerlinda\u00bb<\/h2>\n\n\n\n<p>\u00abYo he notado que, en medios de comunicaci\u00f3n, no es f\u00e1cil\u2026 bueno no es usual, bueno de hecho no he encontrado ni una sola vez que se haga la distinci\u00f3n entre las vivencias de las personas con discapacidad en hombres, mujeres y personas con otra expresi\u00f3n de g\u00e9nero. Usualmente se cree que todas las vivencias y violencias de las personas con discapacidad son homog\u00e9neas. Hay un ejemplo espec\u00edfico de una noticia que apenas es este a\u00f1o, a principios de febrero, era sobre una mujer con discapacidad que falleci\u00f3 por una lesi\u00f3n en la cabeza, entonces en la nota del peri\u00f3dico se planteaban la pregunta de c\u00f3mo falleci\u00f3, porque pues ten\u00eda una discapacidad y si ella misma se caus\u00f3 la lesi\u00f3n o falleci\u00f3 porque alguien le caus\u00f3 la muerte. Con otra mujer no hubieran planteado la pregunta. Entonces creo que es como muy, muy gr\u00e1fico el ejemplo sobre las consecuencias que puede llegar a tener esta falta de diferenciaci\u00f3n entre la discapacidad en hombres y mujeres.\u00bb<\/p>\n<\/div>\n\n\n\n<div class=\"wp-block-column is-vertically-aligned-center is-layout-flow wp-block-column-is-layout-flow\">\n<figure class=\"wp-block-video\"><video height=\"1088\" style=\"aspect-ratio: 1920 \/ 1088;\" width=\"1920\" controls src=\"http:\/\/documenta.org.mx\/somos-comunidad\/wp-content\/uploads\/2024\/11\/lsm-erlinda.mp4\"><\/video><figcaption class=\"wp-element-caption\">Video: testimonio Erlinda<\/figcaption><\/figure>\n<\/div>\n<\/div>\n<\/div><\/div>\n<\/div><\/div>\n<\/div><\/div><div class=\"swiper-pagination\"><\/div><div class=\"swiper-button-prev\"><\/div><div class=\"swiper-button-next\"><\/div><\/div>\n<\/div><\/div>\n\n\n\n<div class=\"wp-block-columns alignfull bg-3 has-color-1-background-color has-background is-layout-flex wp-container-core-columns-is-layout-e2dd69e6 wp-block-columns-is-layout-flex\" style=\"padding-top:var(--wp--preset--spacing--50);padding-right:var(--wp--preset--spacing--80);padding-bottom:var(--wp--preset--spacing--50);padding-left:var(--wp--preset--spacing--80)\">\n<div class=\"wp-block-column is-layout-flow wp-block-column-is-layout-flow\">\n<h2 class=\"wp-block-heading has-blanco-color has-text-color has-link-color wp-elements-3868d721ff378dec7bfa63645bc3f6cc\">Monitoreo 2020<\/h2>\n\n\n<div class=\"pt-cv-wrapper\"><div class=\"pt-cv-view pt-cv-overlaygrid iscvblock iscvhybrid pt-cv-nooverlay pt-cv-clickable overlay1 layout1\" id=\"pt-cv-view-29dfd94eqh\"><div data-id=\"pt-cv-page-1\" class=\"pt-cv-page\" data-cvc=\"5\"><div class=\" pt-cv-content-item pt-cv-1-col\"  data-pid=\"264\"><div class=\"pt-cv-thumb-wrapper  \"><a href=\"https:\/\/www.documenta.org.mx\/somos-comunidad\/cambiemos-narrativas\/2020\/la-discapacidad-en-mujeres-segun-los-medios\/\" class=\"_self pt-cv-href-thumbnail pt-cv-thumb-default cvplbd\" target=\"_self\" ><img loading=\"lazy\" decoding=\"async\" width=\"300\" height=\"300\" src=\"https:\/\/www.documenta.org.mx\/somos-comunidad\/wp-content\/uploads\/2024\/11\/infografia-2020-5-300x300.jpg\" class=\"pt-cv-thumbnail img-none\" alt=\"Ilustraci\u00f3n de una mujer\" srcset=\"https:\/\/www.documenta.org.mx\/somos-comunidad\/wp-content\/uploads\/2024\/11\/infografia-2020-5-300x300.jpg 300w, https:\/\/www.documenta.org.mx\/somos-comunidad\/wp-content\/uploads\/2024\/11\/infografia-2020-5-150x150.jpg 150w, https:\/\/www.documenta.org.mx\/somos-comunidad\/wp-content\/uploads\/2024\/11\/infografia-2020-5.jpg 428w\" sizes=\"auto, (max-width: 300px) 100vw, 300px\" style=\"width:100%;height:100%;max-width:428px;\" \/><\/a><\/div>\n<div class=\"pt-cv-overlay-wrapper\"><h4 class=\"pt-cv-title\"><a href=\"https:\/\/www.documenta.org.mx\/somos-comunidad\/cambiemos-narrativas\/2020\/la-discapacidad-en-mujeres-segun-los-medios\/\" class=\"_self cvplbd\" target=\"_self\" >La discapacidad en mujeres, seg\u00fan los medios<\/a><\/h4><\/div><\/div>\n<div class=\" pt-cv-content-item pt-cv-1-col\"  data-pid=\"260\"><div class=\"pt-cv-thumb-wrapper  \"><a href=\"https:\/\/www.documenta.org.mx\/somos-comunidad\/cambiemos-narrativas\/2020\/mujeres-con-discapacidad-en-los-medios\/\" class=\"_self pt-cv-href-thumbnail pt-cv-thumb-default cvplbd\" target=\"_self\" ><img loading=\"lazy\" decoding=\"async\" width=\"300\" height=\"300\" src=\"https:\/\/www.documenta.org.mx\/somos-comunidad\/wp-content\/uploads\/2024\/11\/infografia-2020-1-300x300.jpg\" class=\"pt-cv-thumbnail img-none\" alt=\"Ilustraci\u00f3n de una mujer\" srcset=\"https:\/\/www.documenta.org.mx\/somos-comunidad\/wp-content\/uploads\/2024\/11\/infografia-2020-1-300x300.jpg 300w, https:\/\/www.documenta.org.mx\/somos-comunidad\/wp-content\/uploads\/2024\/11\/infografia-2020-1-150x150.jpg 150w, https:\/\/www.documenta.org.mx\/somos-comunidad\/wp-content\/uploads\/2024\/11\/infografia-2020-1.jpg 428w\" sizes=\"auto, (max-width: 300px) 100vw, 300px\" style=\"width:100%;height:100%;max-width:428px;\" \/><\/a><\/div>\n<div class=\"pt-cv-overlay-wrapper\"><h4 class=\"pt-cv-title\"><a href=\"https:\/\/www.documenta.org.mx\/somos-comunidad\/cambiemos-narrativas\/2020\/mujeres-con-discapacidad-en-los-medios\/\" class=\"_self cvplbd\" target=\"_self\" >Mujeres con discapacidad en los medios<\/a><\/h4><\/div><\/div>\n<div class=\" pt-cv-content-item pt-cv-1-col\"  data-pid=\"261\"><div class=\"pt-cv-thumb-wrapper  \"><a href=\"https:\/\/www.documenta.org.mx\/somos-comunidad\/cambiemos-narrativas\/2020\/violencia-y-mas-violencia\/\" class=\"_self pt-cv-href-thumbnail pt-cv-thumb-default cvplbd\" target=\"_self\" ><img loading=\"lazy\" decoding=\"async\" width=\"300\" height=\"300\" src=\"https:\/\/www.documenta.org.mx\/somos-comunidad\/wp-content\/uploads\/2024\/11\/infografia-2020-2-300x300.jpg\" class=\"pt-cv-thumbnail img-none\" alt=\"Ilustraci\u00f3n de una mujer\" srcset=\"https:\/\/www.documenta.org.mx\/somos-comunidad\/wp-content\/uploads\/2024\/11\/infografia-2020-2-300x300.jpg 300w, https:\/\/www.documenta.org.mx\/somos-comunidad\/wp-content\/uploads\/2024\/11\/infografia-2020-2-150x150.jpg 150w, https:\/\/www.documenta.org.mx\/somos-comunidad\/wp-content\/uploads\/2024\/11\/infografia-2020-2.jpg 428w\" sizes=\"auto, (max-width: 300px) 100vw, 300px\" style=\"width:100%;height:100%;max-width:428px;\" \/><\/a><\/div>\n<div class=\"pt-cv-overlay-wrapper\"><h4 class=\"pt-cv-title\"><a href=\"https:\/\/www.documenta.org.mx\/somos-comunidad\/cambiemos-narrativas\/2020\/violencia-y-mas-violencia\/\" class=\"_self cvplbd\" target=\"_self\" >Violencia y m\u00e1s violencia<\/a><\/h4><\/div><\/div>\n<div class=\" pt-cv-content-item pt-cv-1-col\"  data-pid=\"262\"><div class=\"pt-cv-thumb-wrapper  \"><a href=\"https:\/\/www.documenta.org.mx\/somos-comunidad\/cambiemos-narrativas\/2020\/el-rol-de-las-mujeres-con-discapacidad-en-medios\/\" class=\"_self pt-cv-href-thumbnail pt-cv-thumb-default cvplbd\" target=\"_self\" ><img loading=\"lazy\" decoding=\"async\" width=\"300\" height=\"300\" src=\"https:\/\/www.documenta.org.mx\/somos-comunidad\/wp-content\/uploads\/2024\/11\/infografia-2020-3-300x300.jpg\" class=\"pt-cv-thumbnail img-none\" alt=\"Ilustraci\u00f3n de una mujer\" srcset=\"https:\/\/www.documenta.org.mx\/somos-comunidad\/wp-content\/uploads\/2024\/11\/infografia-2020-3-300x300.jpg 300w, https:\/\/www.documenta.org.mx\/somos-comunidad\/wp-content\/uploads\/2024\/11\/infografia-2020-3-150x150.jpg 150w, https:\/\/www.documenta.org.mx\/somos-comunidad\/wp-content\/uploads\/2024\/11\/infografia-2020-3.jpg 428w\" sizes=\"auto, (max-width: 300px) 100vw, 300px\" style=\"width:100%;height:100%;max-width:428px;\" \/><\/a><\/div>\n<div class=\"pt-cv-overlay-wrapper\"><h4 class=\"pt-cv-title\"><a href=\"https:\/\/www.documenta.org.mx\/somos-comunidad\/cambiemos-narrativas\/2020\/el-rol-de-las-mujeres-con-discapacidad-en-medios\/\" class=\"_self cvplbd\" target=\"_self\" >El rol de las mujeres con discapacidad en medios<\/a><\/h4><\/div><\/div>\n<div class=\" pt-cv-content-item pt-cv-1-col\"  data-pid=\"263\"><div class=\"pt-cv-thumb-wrapper  \"><a href=\"https:\/\/www.documenta.org.mx\/somos-comunidad\/cambiemos-narrativas\/2020\/la-agenda-mediatica-y-las-mujeres-con-discapacidad\/\" class=\"_self pt-cv-href-thumbnail pt-cv-thumb-default cvplbd\" target=\"_self\" ><img loading=\"lazy\" decoding=\"async\" width=\"300\" height=\"300\" src=\"https:\/\/www.documenta.org.mx\/somos-comunidad\/wp-content\/uploads\/2024\/11\/infografia-2020-4-300x300.jpg\" class=\"pt-cv-thumbnail img-none\" alt=\"Ilustraci\u00f3n de una mujer\" srcset=\"https:\/\/www.documenta.org.mx\/somos-comunidad\/wp-content\/uploads\/2024\/11\/infografia-2020-4-300x300.jpg 300w, https:\/\/www.documenta.org.mx\/somos-comunidad\/wp-content\/uploads\/2024\/11\/infografia-2020-4-150x150.jpg 150w, https:\/\/www.documenta.org.mx\/somos-comunidad\/wp-content\/uploads\/2024\/11\/infografia-2020-4.jpg 428w\" sizes=\"auto, (max-width: 300px) 100vw, 300px\" style=\"width:100%;height:100%;max-width:428px;\" \/><\/a><\/div>\n<div class=\"pt-cv-overlay-wrapper\"><h4 class=\"pt-cv-title\"><a href=\"https:\/\/www.documenta.org.mx\/somos-comunidad\/cambiemos-narrativas\/2020\/la-agenda-mediatica-y-las-mujeres-con-discapacidad\/\" class=\"_self cvplbd\" target=\"_self\" >La agenda medi\u00e1tica y las mujeres con discapacidad<\/a><\/h4><\/div><\/div><\/div><\/div><\/div>\t\t\t<style type=\"text\/css\" id=\"pt-cv-inline-style-5718fafgf8\">#pt-cv-view-29dfd94eqh .pt-cv-thumb-wrapper::before {background: rgba(0,0,0,.4); opacity: 0.8;}#pt-cv-view-29dfd94eqh .pt-cv-overlay-wrapper {justify-content: flex-end;}\n#pt-cv-view-29dfd94eqh > .pt-cv-page {grid-template-columns: repeat(5, 1fr);grid-gap: 15px;}\n@media all and (max-width: 1024px) { \n#pt-cv-view-29dfd94eqh > .pt-cv-page {grid-template-columns: repeat(5, 1fr);}\n} \n@media all and (max-width: 767px) { \n#pt-cv-view-29dfd94eqh > .pt-cv-page {grid-template-columns: repeat(1, 1fr);}\n} <\/style>\r\n\t\t\t\t\t\t<style type=\"text\/css\" id=\"pt-cv-inline-style-5476e376z3\">#pt-cv-view-29dfd94eqh .pt-cv-title a, #pt-cv-view-29dfd94eqh  .panel-title { font-weight: 600 !important; }\n#pt-cv-view-29dfd94eqh .pt-cv-readmore  { color: #ffffff !important; background-color: #00aeef !important; }\n#pt-cv-view-29dfd94eqh .pt-cv-readmore:hover  { color: #ffffff !important; background-color: #00aeef !important; }<\/style>\r\n\t\t\t<\/div>\n<\/div>\n\n\n\n<div class=\"wp-block-group alignwide\"><div class=\"wp-block-group__inner-container is-layout-constrained wp-block-group-is-layout-constrained\">\n<div class=\"wp-block-uagb-slider uagb-block-f9f6452a uagb-slider-container\"><div class=\"uagb-slides uagb-swiper\"><div class=\"swiper-wrapper\">\n<div class=\"wp-block-uagb-slider-child uagb-slider-child-wrap swiper-slide uagb-block-d7ff45c9\"><div class=\"swiper-content\">\n<div class=\"wp-block-uagb-container uagb-block-a75f20df alignfull uagb-is-root-container\"><div class=\"uagb-container-inner-blocks-wrap\">\n<div class=\"wp-block-columns are-vertically-aligned-center is-layout-flex wp-container-core-columns-is-layout-9d6595d7 wp-block-columns-is-layout-flex\">\n<div class=\"wp-block-column is-vertically-aligned-center is-layout-flow wp-block-column-is-layout-flow\">\n<h2 class=\"wp-block-heading\">\u00abHerlinda\u00bb<\/h2>\n\n\n\n<p>\u00abEs un reflejo de todo lo invisibilizada que est\u00e1 la violencia hacia mujeres con discapacidad y creo que tambi\u00e9n, falta agregar tipos de violencia que ejercen cuidadores y cuidadoras. Pues hay mujeres con discapacidad y enfermedades que est\u00e1n sujetas a los cuidados de hombres que muchas veces las violentan. Tambi\u00e9n queda invisibilizado y tampoco es que ellas puedan decir muchas cosas al respecto, quejarse, poner algo como una orden de restricci\u00f3n, para que no las sigan violentando. Pues porque dependen de sus cuidados y creo que tambi\u00e9n esa parte en los medios es algo de lo que no se habla.\u00bb<\/p>\n<\/div>\n\n\n\n<div class=\"wp-block-column is-vertically-aligned-center is-layout-flow wp-block-column-is-layout-flow\">\n<figure class=\"wp-block-video\"><video height=\"1088\" style=\"aspect-ratio: 1920 \/ 1088;\" width=\"1920\" controls src=\"http:\/\/documenta.org.mx\/somos-comunidad\/wp-content\/uploads\/2024\/11\/lsm-erlinda-2.mp4\"><\/video><figcaption class=\"wp-element-caption\">Video: testimonio Herlinda<\/figcaption><\/figure>\n<\/div>\n<\/div>\n<\/div><\/div>\n<\/div><\/div>\n\n\n\n<div class=\"wp-block-uagb-slider-child uagb-slider-child-wrap swiper-slide uagb-block-daebbf9f\"><div class=\"swiper-content\">\n<div class=\"wp-block-uagb-container uagb-block-0c83f785 alignfull uagb-is-root-container\"><div class=\"uagb-container-inner-blocks-wrap\">\n<div class=\"wp-block-columns are-vertically-aligned-center is-layout-flex wp-container-core-columns-is-layout-9d6595d7 wp-block-columns-is-layout-flex\">\n<div class=\"wp-block-column is-vertically-aligned-center is-layout-flow wp-block-column-is-layout-flow\">\n<h2 class=\"wp-block-heading\">\u00abElizabetha\u00bb<\/h2>\n\n\n\n<p>\u00abAcerca de la incidencia en el 12 de septiembre, \u00bfporque nada m\u00e1s escoger un d\u00eda? \u00bfporque no todos los d\u00edas? \u00bfnada m\u00e1s existimos ese d\u00eda para ellos? O tambi\u00e9n el 3 de diciembre, parece que nada m\u00e1s es que en esos d\u00edas existimos para ellos \u00bfy los dem\u00e1s qu\u00e9? No hay que reducirlo a nada m\u00e1s elementos culturales y deportivos, y sobre todo en esos d\u00edas en que las personas con discapacidad somos reconocidas. Me enoja que no existimos para ellos en otros d\u00edas, en otras ocasiones.\u00bb<\/p>\n<\/div>\n\n\n\n<div class=\"wp-block-column is-vertically-aligned-center is-layout-flow wp-block-column-is-layout-flow\">\n<figure class=\"wp-block-video\"><video height=\"1088\" style=\"aspect-ratio: 1920 \/ 1088;\" width=\"1920\" controls src=\"http:\/\/documenta.org.mx\/somos-comunidad\/wp-content\/uploads\/2024\/11\/lsm-elizabetha.mp4\"><\/video><figcaption class=\"wp-element-caption\">Video: testimonio Elizabetha<\/figcaption><\/figure>\n<\/div>\n<\/div>\n<\/div><\/div>\n<\/div><\/div>\n<\/div><\/div><div class=\"swiper-pagination\"><\/div><div class=\"swiper-button-prev\"><\/div><div class=\"swiper-button-next\"><\/div><\/div>\n<\/div><\/div>\n\n\n\n<p><\/p>\n\n\n\n<div class=\"wp-block-columns alignfull has-blanco-color has-color-5-background-color has-text-color has-background has-link-color wp-elements-3af26a29431829be3684f5ce3b98e799 is-layout-flex wp-container-core-columns-is-layout-066d0867 wp-block-columns-is-layout-flex\" style=\"padding-top:var(--wp--preset--spacing--50);padding-right:var(--wp--preset--spacing--80);padding-bottom:var(--wp--preset--spacing--50);padding-left:var(--wp--preset--spacing--80)\">\n<div class=\"wp-block-column is-layout-flow wp-block-column-is-layout-flow\">\n<p class=\"has-text-align-center has-medium-font-size\">\u201c\u00a1Los medios de comunicaci\u00f3n deben usar narrativas que <mark style=\"background-color:rgba(0, 0, 0, 0)\" class=\"has-inline-color has-color-2-color\">dignifiquen y respeten<\/mark> los derechos de las <mark style=\"background-color:rgba(0, 0, 0, 0)\" class=\"has-inline-color has-color-2-color\">mujeres con discapacidad<\/mark>!<\/p>\n<\/div>\n<\/div>\n","protected":false},"excerpt":{"rendered":"<p>Cambiemos narrativas: las representaciones de las mujeres con discapacidad en los medios de comunicaci\u00f3n \u00bfC\u00f3mo son representadas las mujeres con discapacidad en los medios de comunicaci\u00f3n? A partir de 2020 pusimos en marcha el Monitoreo de Medios sobre Mujeres con Discapacidad, donde analizamos notas period\u00edsticas para conocer c\u00f3mo son representadas. Monitoreo 2023 Monitoreo 2022 Monitoreo&hellip; <a class=\"more-link\" href=\"https:\/\/www.documenta.org.mx\/somos-comunidad\/cambiemos-narrativas\/\">Seguir leyendo <span class=\"screen-reader-text\">Cambiemos narrativas<\/span><\/a><\/p>\n","protected":false},"author":1,"featured_media":0,"parent":0,"menu_order":0,"comment_status":"closed","ping_status":"closed","template":"sin-titulo.php","meta":{"_coblocks_attr":"","_coblocks_dimensions":"","_coblocks_responsive_height":"","_coblocks_accordion_ie_support":"","_uag_custom_page_level_css":"","_monsterinsights_skip_tracking":false,"_monsterinsights_sitenote_active":false,"_monsterinsights_sitenote_note":"","_monsterinsights_sitenote_category":0,"footnotes":""},"class_list":["post-31","page","type-page","status-publish","hentry","entry"],"aioseo_notices":[],"yoast_head":"<!-- This site is optimized with the Yoast SEO plugin v25.0 - https:\/\/yoast.com\/wordpress\/plugins\/seo\/ -->\n<title>Cambiemos narrativas - \u00a1Somos Comunidad!<\/title>\n<meta name=\"robots\" content=\"index, follow, max-snippet:-1, max-image-preview:large, max-video-preview:-1\" \/>\n<link rel=\"canonical\" href=\"https:\/\/www.documenta.org.mx\/somos-comunidad\/cambiemos-narrativas\/\" \/>\n<meta property=\"og:locale\" content=\"es_ES\" \/>\n<meta property=\"og:type\" content=\"article\" \/>\n<meta property=\"og:title\" content=\"Cambiemos narrativas - \u00a1Somos Comunidad!\" \/>\n<meta property=\"og:description\" content=\"Cambiemos narrativas: las representaciones de las mujeres con discapacidad en los medios de comunicaci\u00f3n \u00bfC\u00f3mo son representadas las mujeres con discapacidad en los medios de comunicaci\u00f3n? A partir de 2020 pusimos en marcha el Monitoreo de Medios sobre Mujeres con Discapacidad, donde analizamos notas period\u00edsticas para conocer c\u00f3mo son representadas. Monitoreo 2023 Monitoreo 2022 Monitoreo&hellip; Seguir leyendo Cambiemos narrativas\" \/>\n<meta property=\"og:url\" content=\"https:\/\/www.documenta.org.mx\/somos-comunidad\/cambiemos-narrativas\/\" \/>\n<meta property=\"og:site_name\" content=\"\u00a1Somos Comunidad!\" \/>\n<meta property=\"article:modified_time\" content=\"2024-11-20T22:20:00+00:00\" \/>\n<meta property=\"og:image\" content=\"https:\/\/www.documenta.org.mx\/somos-comunidad\/wp-content\/uploads\/2024\/11\/impresion-bolsos-mujeres-discapacidad.jpg\" \/>\n\t<meta property=\"og:image:width\" content=\"747\" \/>\n\t<meta property=\"og:image:height\" content=\"747\" \/>\n\t<meta property=\"og:image:type\" content=\"image\/jpeg\" \/>\n<meta name=\"twitter:card\" content=\"summary_large_image\" \/>\n<meta name=\"twitter:label1\" content=\"Tiempo de lectura\" \/>\n\t<meta name=\"twitter:data1\" content=\"5 minutos\" \/>\n<script type=\"application\/ld+json\" class=\"yoast-schema-graph\">{\"@context\":\"https:\/\/schema.org\",\"@graph\":[{\"@type\":\"WebPage\",\"@id\":\"https:\/\/www.documenta.org.mx\/somos-comunidad\/cambiemos-narrativas\/\",\"url\":\"https:\/\/www.documenta.org.mx\/somos-comunidad\/cambiemos-narrativas\/\",\"name\":\"Cambiemos narrativas - \u00a1Somos Comunidad!\",\"isPartOf\":{\"@id\":\"https:\/\/www.documenta.org.mx\/somos-comunidad\/#website\"},\"primaryImageOfPage\":{\"@id\":\"https:\/\/www.documenta.org.mx\/somos-comunidad\/cambiemos-narrativas\/#primaryimage\"},\"image\":{\"@id\":\"https:\/\/www.documenta.org.mx\/somos-comunidad\/cambiemos-narrativas\/#primaryimage\"},\"thumbnailUrl\":\"http:\/\/documenta.org.mx\/somos-comunidad\/wp-content\/uploads\/2024\/11\/impresion-bolsos-mujeres-discapacidad.jpg\",\"datePublished\":\"2024-11-11T20:18:31+00:00\",\"dateModified\":\"2024-11-20T22:20:00+00:00\",\"breadcrumb\":{\"@id\":\"https:\/\/www.documenta.org.mx\/somos-comunidad\/cambiemos-narrativas\/#breadcrumb\"},\"inLanguage\":\"es\",\"potentialAction\":[{\"@type\":\"ReadAction\",\"target\":[\"https:\/\/www.documenta.org.mx\/somos-comunidad\/cambiemos-narrativas\/\"]}]},{\"@type\":\"ImageObject\",\"inLanguage\":\"es\",\"@id\":\"https:\/\/www.documenta.org.mx\/somos-comunidad\/cambiemos-narrativas\/#primaryimage\",\"url\":\"http:\/\/documenta.org.mx\/somos-comunidad\/wp-content\/uploads\/2024\/11\/impresion-bolsos-mujeres-discapacidad.jpg\",\"contentUrl\":\"http:\/\/documenta.org.mx\/somos-comunidad\/wp-content\/uploads\/2024\/11\/impresion-bolsos-mujeres-discapacidad.jpg\"},{\"@type\":\"BreadcrumbList\",\"@id\":\"https:\/\/www.documenta.org.mx\/somos-comunidad\/cambiemos-narrativas\/#breadcrumb\",\"itemListElement\":[{\"@type\":\"ListItem\",\"position\":1,\"name\":\"Inicio\",\"item\":\"https:\/\/www.documenta.org.mx\/somos-comunidad\/\"},{\"@type\":\"ListItem\",\"position\":2,\"name\":\"Cambiemos narrativas\"}]},{\"@type\":\"WebSite\",\"@id\":\"https:\/\/www.documenta.org.mx\/somos-comunidad\/#website\",\"url\":\"https:\/\/www.documenta.org.mx\/somos-comunidad\/\",\"name\":\"\u00a1Somos Comunidad!\",\"description\":\"Mujeres con discapacidad\",\"publisher\":{\"@id\":\"https:\/\/www.documenta.org.mx\/somos-comunidad\/#organization\"},\"potentialAction\":[{\"@type\":\"SearchAction\",\"target\":{\"@type\":\"EntryPoint\",\"urlTemplate\":\"https:\/\/www.documenta.org.mx\/somos-comunidad\/?s={search_term_string}\"},\"query-input\":{\"@type\":\"PropertyValueSpecification\",\"valueRequired\":true,\"valueName\":\"search_term_string\"}}],\"inLanguage\":\"es\"},{\"@type\":\"Organization\",\"@id\":\"https:\/\/www.documenta.org.mx\/somos-comunidad\/#organization\",\"name\":\"\u00a1Somos Comunidad!\",\"url\":\"https:\/\/www.documenta.org.mx\/somos-comunidad\/\",\"logo\":{\"@type\":\"ImageObject\",\"inLanguage\":\"es\",\"@id\":\"https:\/\/www.documenta.org.mx\/somos-comunidad\/#\/schema\/logo\/image\/\",\"url\":\"https:\/\/www.documenta.org.mx\/somos-comunidad\/wp-content\/uploads\/2024\/11\/somos-comunidad-logo.png\",\"contentUrl\":\"https:\/\/www.documenta.org.mx\/somos-comunidad\/wp-content\/uploads\/2024\/11\/somos-comunidad-logo.png\",\"width\":500,\"height\":573,\"caption\":\"\u00a1Somos Comunidad!\"},\"image\":{\"@id\":\"https:\/\/www.documenta.org.mx\/somos-comunidad\/#\/schema\/logo\/image\/\"}}]}<\/script>\n<!-- \/ Yoast SEO plugin. -->","yoast_head_json":{"title":"Cambiemos narrativas - \u00a1Somos Comunidad!","robots":{"index":"index","follow":"follow","max-snippet":"max-snippet:-1","max-image-preview":"max-image-preview:large","max-video-preview":"max-video-preview:-1"},"canonical":"https:\/\/www.documenta.org.mx\/somos-comunidad\/cambiemos-narrativas\/","og_locale":"es_ES","og_type":"article","og_title":"Cambiemos narrativas - \u00a1Somos Comunidad!","og_description":"Cambiemos narrativas: las representaciones de las mujeres con discapacidad en los medios de comunicaci\u00f3n \u00bfC\u00f3mo son representadas las mujeres con discapacidad en los medios de comunicaci\u00f3n? A partir de 2020 pusimos en marcha el Monitoreo de Medios sobre Mujeres con Discapacidad, donde analizamos notas period\u00edsticas para conocer c\u00f3mo son representadas. Monitoreo 2023 Monitoreo 2022 Monitoreo&hellip; Seguir leyendo Cambiemos narrativas","og_url":"https:\/\/www.documenta.org.mx\/somos-comunidad\/cambiemos-narrativas\/","og_site_name":"\u00a1Somos Comunidad!","article_modified_time":"2024-11-20T22:20:00+00:00","og_image":[{"width":747,"height":747,"url":"https:\/\/www.documenta.org.mx\/somos-comunidad\/wp-content\/uploads\/2024\/11\/impresion-bolsos-mujeres-discapacidad.jpg","type":"image\/jpeg"}],"twitter_card":"summary_large_image","twitter_misc":{"Tiempo de lectura":"5 minutos"},"schema":{"@context":"https:\/\/schema.org","@graph":[{"@type":"WebPage","@id":"https:\/\/www.documenta.org.mx\/somos-comunidad\/cambiemos-narrativas\/","url":"https:\/\/www.documenta.org.mx\/somos-comunidad\/cambiemos-narrativas\/","name":"Cambiemos narrativas - \u00a1Somos Comunidad!","isPartOf":{"@id":"https:\/\/www.documenta.org.mx\/somos-comunidad\/#website"},"primaryImageOfPage":{"@id":"https:\/\/www.documenta.org.mx\/somos-comunidad\/cambiemos-narrativas\/#primaryimage"},"image":{"@id":"https:\/\/www.documenta.org.mx\/somos-comunidad\/cambiemos-narrativas\/#primaryimage"},"thumbnailUrl":"http:\/\/documenta.org.mx\/somos-comunidad\/wp-content\/uploads\/2024\/11\/impresion-bolsos-mujeres-discapacidad.jpg","datePublished":"2024-11-11T20:18:31+00:00","dateModified":"2024-11-20T22:20:00+00:00","breadcrumb":{"@id":"https:\/\/www.documenta.org.mx\/somos-comunidad\/cambiemos-narrativas\/#breadcrumb"},"inLanguage":"es","potentialAction":[{"@type":"ReadAction","target":["https:\/\/www.documenta.org.mx\/somos-comunidad\/cambiemos-narrativas\/"]}]},{"@type":"ImageObject","inLanguage":"es","@id":"https:\/\/www.documenta.org.mx\/somos-comunidad\/cambiemos-narrativas\/#primaryimage","url":"http:\/\/documenta.org.mx\/somos-comunidad\/wp-content\/uploads\/2024\/11\/impresion-bolsos-mujeres-discapacidad.jpg","contentUrl":"http:\/\/documenta.org.mx\/somos-comunidad\/wp-content\/uploads\/2024\/11\/impresion-bolsos-mujeres-discapacidad.jpg"},{"@type":"BreadcrumbList","@id":"https:\/\/www.documenta.org.mx\/somos-comunidad\/cambiemos-narrativas\/#breadcrumb","itemListElement":[{"@type":"ListItem","position":1,"name":"Inicio","item":"https:\/\/www.documenta.org.mx\/somos-comunidad\/"},{"@type":"ListItem","position":2,"name":"Cambiemos narrativas"}]},{"@type":"WebSite","@id":"https:\/\/www.documenta.org.mx\/somos-comunidad\/#website","url":"https:\/\/www.documenta.org.mx\/somos-comunidad\/","name":"\u00a1Somos Comunidad!","description":"Mujeres con discapacidad","publisher":{"@id":"https:\/\/www.documenta.org.mx\/somos-comunidad\/#organization"},"potentialAction":[{"@type":"SearchAction","target":{"@type":"EntryPoint","urlTemplate":"https:\/\/www.documenta.org.mx\/somos-comunidad\/?s={search_term_string}"},"query-input":{"@type":"PropertyValueSpecification","valueRequired":true,"valueName":"search_term_string"}}],"inLanguage":"es"},{"@type":"Organization","@id":"https:\/\/www.documenta.org.mx\/somos-comunidad\/#organization","name":"\u00a1Somos Comunidad!","url":"https:\/\/www.documenta.org.mx\/somos-comunidad\/","logo":{"@type":"ImageObject","inLanguage":"es","@id":"https:\/\/www.documenta.org.mx\/somos-comunidad\/#\/schema\/logo\/image\/","url":"https:\/\/www.documenta.org.mx\/somos-comunidad\/wp-content\/uploads\/2024\/11\/somos-comunidad-logo.png","contentUrl":"https:\/\/www.documenta.org.mx\/somos-comunidad\/wp-content\/uploads\/2024\/11\/somos-comunidad-logo.png","width":500,"height":573,"caption":"\u00a1Somos Comunidad!"},"image":{"@id":"https:\/\/www.documenta.org.mx\/somos-comunidad\/#\/schema\/logo\/image\/"}}]}},"uagb_featured_image_src":{"full":false,"thumbnail":false,"medium":false,"medium_large":false,"large":false,"1536x1536":false,"2048x2048":false,"post-thumbnail":false},"uagb_author_info":{"display_name":"admin","author_link":"https:\/\/www.documenta.org.mx\/somos-comunidad\/author\/admin\/"},"uagb_comment_info":0,"uagb_excerpt":"Cambiemos narrativas: las representaciones de las mujeres con discapacidad en los medios de comunicaci\u00f3n \u00bfC\u00f3mo son representadas las mujeres con discapacidad en los medios de comunicaci\u00f3n? A partir de 2020 pusimos en marcha el Monitoreo de Medios sobre Mujeres con Discapacidad, donde analizamos notas period\u00edsticas para conocer c\u00f3mo son representadas. Monitoreo 2023 Monitoreo 2022 Monitoreo&hellip;&hellip;","_links":{"self":[{"href":"https:\/\/www.documenta.org.mx\/somos-comunidad\/wp-json\/wp\/v2\/pages\/31","targetHints":{"allow":["GET"]}}],"collection":[{"href":"https:\/\/www.documenta.org.mx\/somos-comunidad\/wp-json\/wp\/v2\/pages"}],"about":[{"href":"https:\/\/www.documenta.org.mx\/somos-comunidad\/wp-json\/wp\/v2\/types\/page"}],"author":[{"embeddable":true,"href":"https:\/\/www.documenta.org.mx\/somos-comunidad\/wp-json\/wp\/v2\/users\/1"}],"replies":[{"embeddable":true,"href":"https:\/\/www.documenta.org.mx\/somos-comunidad\/wp-json\/wp\/v2\/comments?post=31"}],"version-history":[{"count":39,"href":"https:\/\/www.documenta.org.mx\/somos-comunidad\/wp-json\/wp\/v2\/pages\/31\/revisions"}],"predecessor-version":[{"id":569,"href":"https:\/\/www.documenta.org.mx\/somos-comunidad\/wp-json\/wp\/v2\/pages\/31\/revisions\/569"}],"wp:attachment":[{"href":"https:\/\/www.documenta.org.mx\/somos-comunidad\/wp-json\/wp\/v2\/media?parent=31"}],"curies":[{"name":"wp","href":"https:\/\/api.w.org\/{rel}","templated":true}]}}